{"id":848,"date":"2022-11-11T16:17:20","date_gmt":"2022-11-11T15:17:20","guid":{"rendered":"https:\/\/www.prolococastellanagrotte.it\/?page_id=848"},"modified":"2024-10-31T12:55:46","modified_gmt":"2024-10-31T11:55:46","slug":"festa-dautunno","status":"publish","type":"page","link":"https:\/\/www.prolococastellanagrotte.it\/es\/festa-dautunno\/","title":{"rendered":"Festival de oto\u00f1o"},"content":{"rendered":"<div class=\"vc_row wpb_row vc_row-fluid\"><div class=\"wpb_column vc_column_container vc_col-sm-12\"><div class=\"vc_column-inner\"><div class=\"wpb_wrapper\">\n\t<div  class=\"wpb_single_image wpb_content_element vc_align_center\">\n\t\t\n\t\t<figure class=\"wpb_wrapper vc_figure\">\n\t\t\t<div class=\"vc_single_image-wrapper   vc_box_border_grey\"><img loading=\"lazy\" decoding=\"async\" width=\"1600\" height=\"578\" src=\"https:\/\/www.prolococastellanagrotte.it\/wp-content\/uploads\/2022\/11\/intro_foto.jpg\" class=\"vc_single_image-img attachment-full\" alt=\"\" srcset=\"https:\/\/www.prolococastellanagrotte.it\/wp-content\/uploads\/2022\/11\/intro_foto.jpg 1600w, https:\/\/www.prolococastellanagrotte.it\/wp-content\/uploads\/2022\/11\/intro_foto-300x108.jpg 300w, https:\/\/www.prolococastellanagrotte.it\/wp-content\/uploads\/2022\/11\/intro_foto-1024x370.jpg 1024w, https:\/\/www.prolococastellanagrotte.it\/wp-content\/uploads\/2022\/11\/intro_foto-768x277.jpg 768w, https:\/\/www.prolococastellanagrotte.it\/wp-content\/uploads\/2022\/11\/intro_foto-1536x555.jpg 1536w\" sizes=\"auto, (max-width: 1600px) 100vw, 1600px\" \/><\/div>\n\t\t<\/figure>\n\t<\/div>\n<div class=\"vc_empty_space\"   style=\"height: 32px\"><span class=\"vc_empty_space_inner\"><\/span><\/div><\/div><\/div><\/div><\/div><div class=\"vc_row wpb_row vc_row-fluid gino\"><div class=\"wpb_column vc_column_container vc_col-sm-6\"><div class=\"vc_column-inner\"><div class=\"wpb_wrapper\">\n\t<div class=\"wpb_text_column wpb_content_element\" >\n\t\t<div class=\"wpb_wrapper\">\n\t\t\t<p style=\"text-align: right;\"><span style=\"font-size: 14pt;\"><strong>VISITA A TRADICIONES Y TERRITORIO<\/strong><\/span><\/p>\n<p style=\"text-align: justify;\"><span style=\"font-size: 14pt;\">Descubriendo la zona, las estrechas calles del antiguo n\u00facleo y los edificios hist\u00f3ricos cuentan la historia de tiempos pasados, las tradiciones de una zona llena de an\u00e9cdotas por descubrir.<\/span><\/p>\n\n\t\t<\/div>\n\t<\/div>\n<\/div><\/div><\/div><div class=\"wpb_column vc_column_container vc_col-sm-6\"><div class=\"vc_column-inner\"><div class=\"wpb_wrapper\">\n\t<div  class=\"wpb_single_image wpb_content_element vc_align_left  wpb_animate_when_almost_visible wpb_fadeInRight fadeInRight\">\n\t\t\n\t\t<figure class=\"wpb_wrapper vc_figure\">\n\t\t\t<a class=\"\" data-lightbox=\"lightbox[rel-848-4174508877]\" href=\"https:\/\/www.prolococastellanagrotte.it\/wp-content\/uploads\/2022\/11\/01-1024x682.jpg\" target=\"_self\"><img loading=\"lazy\" decoding=\"async\" width=\"1600\" height=\"1066\" src=\"https:\/\/www.prolococastellanagrotte.it\/wp-content\/uploads\/2022\/11\/01.jpg\" class=\"vc_single_image-img attachment-full\" alt=\"\" srcset=\"https:\/\/www.prolococastellanagrotte.it\/wp-content\/uploads\/2022\/11\/01.jpg 1600w, https:\/\/www.prolococastellanagrotte.it\/wp-content\/uploads\/2022\/11\/01-300x200.jpg 300w, https:\/\/www.prolococastellanagrotte.it\/wp-content\/uploads\/2022\/11\/01-1024x682.jpg 1024w, https:\/\/www.prolococastellanagrotte.it\/wp-content\/uploads\/2022\/11\/01-768x512.jpg 768w, https:\/\/www.prolococastellanagrotte.it\/wp-content\/uploads\/2022\/11\/01-1536x1023.jpg 1536w\" sizes=\"auto, (max-width: 1600px) 100vw, 1600px\" \/><\/a>\n\t\t<\/figure>\n\t<\/div>\n<\/div><\/div><\/div><\/div><div class=\"vc_row wpb_row vc_row-fluid gino\"><div class=\"wpb_column vc_column_container vc_col-sm-6\"><div class=\"vc_column-inner\"><div class=\"wpb_wrapper\">\n\t<div class=\"wpb_text_column wpb_content_element\" >\n\t\t<div class=\"wpb_wrapper\">\n\t\t\t<p style=\"text-align: right;\"><span style=\"font-size: 14pt;\"><strong>REABRE EL PALACIO SGOBBA<\/strong><\/span><\/p>\n<p style=\"text-align: justify;\"><span style=\"font-size: 14pt;\">Por invitaci\u00f3n del Pro Loco, la familia Sgobba vuelve a abrir las puertas del prestigioso edificio del siglo XIX, situado en Corso Italia, cerrado desde hace alg\u00fan tiempo y recientemente restaurado. Un marco que da vida a los recuerdos y ambientes del pasado.<\/span><\/p>\n\n\t\t<\/div>\n\t<\/div>\n<\/div><\/div><\/div><div class=\"wpb_column vc_column_container vc_col-sm-6\"><div class=\"vc_column-inner\"><div class=\"wpb_wrapper\">\n\t<div  class=\"wpb_single_image wpb_content_element vc_align_left  wpb_animate_when_almost_visible wpb_fadeInRightBig fadeInRightBig\">\n\t\t\n\t\t<figure class=\"wpb_wrapper vc_figure\">\n\t\t\t<a class=\"\" data-lightbox=\"lightbox[rel-848-1187415966]\" href=\"https:\/\/www.prolococastellanagrotte.it\/wp-content\/uploads\/2022\/11\/02-1024x682.jpg\" target=\"_self\"><img loading=\"lazy\" decoding=\"async\" width=\"1600\" height=\"1066\" src=\"https:\/\/www.prolococastellanagrotte.it\/wp-content\/uploads\/2022\/11\/02.jpg\" class=\"vc_single_image-img attachment-full\" alt=\"\" srcset=\"https:\/\/www.prolococastellanagrotte.it\/wp-content\/uploads\/2022\/11\/02.jpg 1600w, https:\/\/www.prolococastellanagrotte.it\/wp-content\/uploads\/2022\/11\/02-300x200.jpg 300w, https:\/\/www.prolococastellanagrotte.it\/wp-content\/uploads\/2022\/11\/02-1024x682.jpg 1024w, https:\/\/www.prolococastellanagrotte.it\/wp-content\/uploads\/2022\/11\/02-768x512.jpg 768w, https:\/\/www.prolococastellanagrotte.it\/wp-content\/uploads\/2022\/11\/02-1536x1023.jpg 1536w\" sizes=\"auto, (max-width: 1600px) 100vw, 1600px\" \/><\/a>\n\t\t<\/figure>\n\t<\/div>\n<\/div><\/div><\/div><\/div><div class=\"vc_row wpb_row vc_row-fluid gino\"><div class=\"wpb_column vc_column_container vc_col-sm-6\"><div class=\"vc_column-inner\"><div class=\"wpb_wrapper\">\n\t<div class=\"wpb_text_column wpb_content_element\" >\n\t\t<div class=\"wpb_wrapper\">\n\t\t\t<p style=\"text-align: right;\"><span style=\"font-size: 14pt;\"><strong>SE INAUGURA EL JARD\u00cdN DE OTO\u00d1O<\/strong><\/span><\/p>\n<p style=\"text-align: justify;\"><span style=\"font-size: 14pt;\">En el jard\u00edn del palacio Sgobba comenz\u00f3 la presentaci\u00f3n de los eventos dedicados al calendario \u201cConocimientos y Sabores\u201d Comida, tradiciones y arte \u2013 Festival de Oto\u00f1o, un escenario naturalista, encerrado en un palacio del siglo XIX; Para la ocasi\u00f3n, se exhibieron \u00e1rboles frutales propios de la temporada oto\u00f1al como madro\u00f1os, algarrobos, azzeruoli, granados y otros con un despliegue de frutas y verduras. Al finalizar, los participantes pudieron disfrutar de un aperitivo preparado por los j\u00f3venes estudiantes del Instituto Hotelero \u201cConsoli\u201d del IISS.<\/span><\/p>\n\n\t\t<\/div>\n\t<\/div>\n<\/div><\/div><\/div><div class=\"wpb_column vc_column_container vc_col-sm-6\"><div class=\"vc_column-inner\"><div class=\"wpb_wrapper\">\n\t<div  class=\"wpb_single_image wpb_content_element vc_align_left  wpb_animate_when_almost_visible wpb_fadeInRightBig fadeInRightBig\">\n\t\t\n\t\t<figure class=\"wpb_wrapper vc_figure\">\n\t\t\t<a class=\"\" data-lightbox=\"lightbox[rel-848-4147749138]\" href=\"https:\/\/www.prolococastellanagrotte.it\/wp-content\/uploads\/2022\/11\/03-1024x696.jpg\" target=\"_self\"><img loading=\"lazy\" decoding=\"async\" width=\"1080\" height=\"734\" src=\"https:\/\/www.prolococastellanagrotte.it\/wp-content\/uploads\/2022\/11\/03.jpg\" class=\"vc_single_image-img attachment-full\" alt=\"\" srcset=\"https:\/\/www.prolococastellanagrotte.it\/wp-content\/uploads\/2022\/11\/03.jpg 1080w, https:\/\/www.prolococastellanagrotte.it\/wp-content\/uploads\/2022\/11\/03-300x204.jpg 300w, https:\/\/www.prolococastellanagrotte.it\/wp-content\/uploads\/2022\/11\/03-1024x696.jpg 1024w, https:\/\/www.prolococastellanagrotte.it\/wp-content\/uploads\/2022\/11\/03-768x522.jpg 768w\" sizes=\"auto, (max-width: 1080px) 100vw, 1080px\" \/><\/a>\n\t\t<\/figure>\n\t<\/div>\n<\/div><\/div><\/div><\/div><div class=\"vc_row wpb_row vc_row-fluid gino\"><div class=\"wpb_column vc_column_container vc_col-sm-6\"><div class=\"vc_column-inner\"><div class=\"wpb_wrapper\">\n\t<div class=\"wpb_text_column wpb_content_element\" >\n\t\t<div class=\"wpb_wrapper\">\n\t\t\t<p style=\"text-align: right;\"><span style=\"font-size: 14pt;\"><strong>COLORES SOBRE LIENZO<\/strong><\/span><\/p>\n<p style=\"text-align: justify;\"><span style=\"font-size: 14pt;\">Exposici\u00f3n art\u00edstica de pinturas de autores emergentes y profesionales, procesamiento de pinturas en vivo para mecenas curiosos.<\/span><\/p>\n\n\t\t<\/div>\n\t<\/div>\n<\/div><\/div><\/div><div class=\"wpb_column vc_column_container vc_col-sm-6\"><div class=\"vc_column-inner\"><div class=\"wpb_wrapper\">\n\t<div  class=\"wpb_single_image wpb_content_element vc_align_left  wpb_animate_when_almost_visible wpb_fadeInRightBig fadeInRightBig\">\n\t\t\n\t\t<figure class=\"wpb_wrapper vc_figure\">\n\t\t\t<a class=\"\" data-lightbox=\"lightbox[rel-848-730003153]\" href=\"https:\/\/www.prolococastellanagrotte.it\/wp-content\/uploads\/2022\/11\/04-1024x682.jpg\" target=\"_self\"><img loading=\"lazy\" decoding=\"async\" width=\"1600\" height=\"1066\" src=\"https:\/\/www.prolococastellanagrotte.it\/wp-content\/uploads\/2022\/11\/04.jpg\" class=\"vc_single_image-img attachment-full\" alt=\"\" srcset=\"https:\/\/www.prolococastellanagrotte.it\/wp-content\/uploads\/2022\/11\/04.jpg 1600w, https:\/\/www.prolococastellanagrotte.it\/wp-content\/uploads\/2022\/11\/04-300x200.jpg 300w, https:\/\/www.prolococastellanagrotte.it\/wp-content\/uploads\/2022\/11\/04-1024x682.jpg 1024w, https:\/\/www.prolococastellanagrotte.it\/wp-content\/uploads\/2022\/11\/04-768x512.jpg 768w, https:\/\/www.prolococastellanagrotte.it\/wp-content\/uploads\/2022\/11\/04-1536x1023.jpg 1536w\" sizes=\"auto, (max-width: 1600px) 100vw, 1600px\" \/><\/a>\n\t\t<\/figure>\n\t<\/div>\n<\/div><\/div><\/div><\/div><div class=\"vc_row wpb_row vc_row-fluid gino\"><div class=\"wpb_column vc_column_container vc_col-sm-6\"><div class=\"vc_column-inner\"><div class=\"wpb_wrapper\">\n\t<div class=\"wpb_text_column wpb_content_element\" >\n\t\t<div class=\"wpb_wrapper\">\n\t\t\t<p style=\"text-align: right;\"><span style=\"font-size: 14pt;\"><strong>GIARDINO FRUTTI DIMENTICATI<\/strong><\/span><\/p>\n<p style=\"text-align: justify;\"><span style=\"font-size: 14pt;\">L\u2019antico convento, oggi comune di Castellana Grotte, trasformato solo per qualche settimana in un accogliente giardino, con sapori e colori degli arbusti tipici dell\u2019autunno di ieri e di oggi, compresi frutti che sempre pi\u00f9 restano fuori dalle nostre tavole.<br \/>\nPer questa terza edizione della Festa d\u2019Autunno, ideata e promossa dalla Pro Loco Castellana Grotte \u201cDon Nicola Pellegrino\u201d in collaborazione con l\u2019amministrazione comunale, si \u00e8 scelto di collocare all\u2019interno del palazzo di citt\u00e0 l\u2019iconico giardino, colorando, profumando e decorando la casa municipale.<br \/>\nNespola, sorba, mela cotogna, corbezzolo, corniolo, melograno e tanti altri frutti che riportano alla memoria di molti sapori e ricordi ormai sopiti e ben noti alle nostre nonne, che da questi frutti spontanei o coltivati in aree marginali sapevano ricavare piatti gustosi e ottime\u00a0marmellate.<\/span><\/p>\n\n\t\t<\/div>\n\t<\/div>\n<\/div><\/div><\/div><div class=\"wpb_column vc_column_container vc_col-sm-6\"><div class=\"vc_column-inner\"><div class=\"wpb_wrapper\">\n\t<div  class=\"wpb_single_image wpb_content_element vc_align_left  wpb_animate_when_almost_visible wpb_fadeInRightBig fadeInRightBig\">\n\t\t\n\t\t<figure class=\"wpb_wrapper vc_figure\">\n\t\t\t<a class=\"\" data-lightbox=\"lightbox[rel-848-3358252904]\" href=\"https:\/\/www.prolococastellanagrotte.it\/wp-content\/uploads\/2024\/10\/autunno2024c_giardino_frutti_dimenticati-1024x768.jpg\" target=\"_self\"><img loading=\"lazy\" decoding=\"async\" width=\"2000\" height=\"1500\" src=\"https:\/\/www.prolococastellanagrotte.it\/wp-content\/uploads\/2024\/10\/autunno2024c_giardino_frutti_dimenticati.jpg\" class=\"vc_single_image-img attachment-full\" alt=\"\" srcset=\"https:\/\/www.prolococastellanagrotte.it\/wp-content\/uploads\/2024\/10\/autunno2024c_giardino_frutti_dimenticati.jpg 2000w, https:\/\/www.prolococastellanagrotte.it\/wp-content\/uploads\/2024\/10\/autunno2024c_giardino_frutti_dimenticati-300x225.jpg 300w, https:\/\/www.prolococastellanagrotte.it\/wp-content\/uploads\/2024\/10\/autunno2024c_giardino_frutti_dimenticati-1024x768.jpg 1024w, https:\/\/www.prolococastellanagrotte.it\/wp-content\/uploads\/2024\/10\/autunno2024c_giardino_frutti_dimenticati-768x576.jpg 768w, https:\/\/www.prolococastellanagrotte.it\/wp-content\/uploads\/2024\/10\/autunno2024c_giardino_frutti_dimenticati-1536x1152.jpg 1536w, https:\/\/www.prolococastellanagrotte.it\/wp-content\/uploads\/2024\/10\/autunno2024c_giardino_frutti_dimenticati-16x12.jpg 16w\" sizes=\"auto, (max-width: 2000px) 100vw, 2000px\" \/><\/a>\n\t\t<\/figure>\n\t<\/div>\n<\/div><\/div><\/div><\/div><div class=\"vc_row wpb_row vc_row-fluid gino\"><div class=\"wpb_column vc_column_container vc_col-sm-6\"><div class=\"vc_column-inner\"><div class=\"wpb_wrapper\">\n\t<div class=\"wpb_text_column wpb_content_element\" >\n\t\t<div class=\"wpb_wrapper\">\n\t\t\t<p style=\"text-align: right;\"><span style=\"font-size: 14pt;\"><strong>\u201cUNA MEGA TARTA\u201d<\/strong><\/span><\/p>\n<p style=\"text-align: justify;\"><span style=\"font-size: 14pt;\">10 metros de tarta, con los sabores t\u00edpicos del oto\u00f1o con las inevitables frutas olvidadas, preparada por los chicos del Instituto Hotelero Castellana, cortada en m\u00e1s de mil porciones y ofrecida a todos los visitantes.<\/span><\/p>\n\n\t\t<\/div>\n\t<\/div>\n<\/div><\/div><\/div><div class=\"wpb_column vc_column_container vc_col-sm-6\"><div class=\"vc_column-inner\"><div class=\"wpb_wrapper\">\n\t<div  class=\"wpb_single_image wpb_content_element vc_align_left  wpb_animate_when_almost_visible wpb_fadeInRightBig fadeInRightBig\">\n\t\t\n\t\t<figure class=\"wpb_wrapper vc_figure\">\n\t\t\t<a class=\"\" data-lightbox=\"lightbox[rel-848-4176754319]\" href=\"https:\/\/www.prolococastellanagrotte.it\/wp-content\/uploads\/2022\/11\/06-1024x682.jpg\" target=\"_self\"><img loading=\"lazy\" decoding=\"async\" width=\"1600\" height=\"1066\" src=\"https:\/\/www.prolococastellanagrotte.it\/wp-content\/uploads\/2022\/11\/06.jpg\" class=\"vc_single_image-img attachment-full\" alt=\"\" srcset=\"https:\/\/www.prolococastellanagrotte.it\/wp-content\/uploads\/2022\/11\/06.jpg 1600w, https:\/\/www.prolococastellanagrotte.it\/wp-content\/uploads\/2022\/11\/06-300x200.jpg 300w, https:\/\/www.prolococastellanagrotte.it\/wp-content\/uploads\/2022\/11\/06-1024x682.jpg 1024w, https:\/\/www.prolococastellanagrotte.it\/wp-content\/uploads\/2022\/11\/06-768x512.jpg 768w, https:\/\/www.prolococastellanagrotte.it\/wp-content\/uploads\/2022\/11\/06-1536x1023.jpg 1536w\" sizes=\"auto, (max-width: 1600px) 100vw, 1600px\" \/><\/a>\n\t\t<\/figure>\n\t<\/div>\n<\/div><\/div><\/div><\/div><div class=\"vc_row wpb_row vc_row-fluid gino\"><div class=\"wpb_column vc_column_container vc_col-sm-6\"><div class=\"vc_column-inner\"><div class=\"wpb_wrapper\">\n\t<div class=\"wpb_text_column wpb_content_element\" >\n\t\t<div class=\"wpb_wrapper\">\n\t\t\t<p style=\"text-align: right;\"><span style=\"font-size: 14pt;\"><strong>LA PIRAMIDE DEI FRUTTI DIMENTICATI<\/strong><\/span><\/p>\n<p style=\"text-align: justify;\"><span style=\"font-size: 14pt;\">Alta quasi 3 m con i gradoni decorati da 1000 tortini al sapore di melograno, melocotogno e non solo, realizzati dal settore pasticceria dell&#8217;IISS Consoli, dalla sfida di realizzare un dolce in lunghezza del 2022 alla realizzazione di una piramide\u00a0in\u00a0altezza.<\/span><\/p>\n\n\t\t<\/div>\n\t<\/div>\n<\/div><\/div><\/div><div class=\"wpb_column vc_column_container vc_col-sm-6\"><div class=\"vc_column-inner\"><div class=\"wpb_wrapper\">\n\t<div  class=\"wpb_single_image wpb_content_element vc_align_left  wpb_animate_when_almost_visible wpb_fadeInRightBig fadeInRightBig\">\n\t\t\n\t\t<figure class=\"wpb_wrapper vc_figure\">\n\t\t\t<a class=\"\" data-lightbox=\"lightbox[rel-848-4249600947]\" href=\"https:\/\/www.prolococastellanagrotte.it\/wp-content\/uploads\/2024\/10\/autunno2024e_piramide-766x1024.jpg\" target=\"_self\"><img loading=\"lazy\" decoding=\"async\" width=\"1197\" height=\"1600\" src=\"https:\/\/www.prolococastellanagrotte.it\/wp-content\/uploads\/2024\/10\/autunno2024e_piramide.jpg\" class=\"vc_single_image-img attachment-full\" alt=\"\" srcset=\"https:\/\/www.prolococastellanagrotte.it\/wp-content\/uploads\/2024\/10\/autunno2024e_piramide.jpg 1197w, https:\/\/www.prolococastellanagrotte.it\/wp-content\/uploads\/2024\/10\/autunno2024e_piramide-224x300.jpg 224w, https:\/\/www.prolococastellanagrotte.it\/wp-content\/uploads\/2024\/10\/autunno2024e_piramide-766x1024.jpg 766w, https:\/\/www.prolococastellanagrotte.it\/wp-content\/uploads\/2024\/10\/autunno2024e_piramide-768x1027.jpg 768w, https:\/\/www.prolococastellanagrotte.it\/wp-content\/uploads\/2024\/10\/autunno2024e_piramide-1149x1536.jpg 1149w, https:\/\/www.prolococastellanagrotte.it\/wp-content\/uploads\/2024\/10\/autunno2024e_piramide-9x12.jpg 9w\" sizes=\"auto, (max-width: 1197px) 100vw, 1197px\" \/><\/a>\n\t\t<\/figure>\n\t<\/div>\n<\/div><\/div><\/div><\/div><div class=\"vc_row wpb_row vc_row-fluid gino\"><div class=\"wpb_column vc_column_container vc_col-sm-6\"><div class=\"vc_column-inner\"><div class=\"wpb_wrapper\">\n\t<div class=\"wpb_text_column wpb_content_element\" >\n\t\t<div class=\"wpb_wrapper\">\n\t\t\t<p style=\"text-align: right;\"><span style=\"font-size: 14pt;\"><strong>ANIMAR EN LA PLAZA<\/strong><\/span><\/p>\n<p style=\"text-align: justify;\"><span style=\"font-size: 14pt;\">La velada comenz\u00f3 con el espect\u00e1culo teatral de &quot;La Fabbrica del Sorriso&quot;, en una plaza Nicola e Costa abarrotada, una incursi\u00f3n con escenas sat\u00edricas propuestas por el grupo que divirtieron a los participantes.<\/span><\/p>\n\n\t\t<\/div>\n\t<\/div>\n<\/div><\/div><\/div><div class=\"wpb_column vc_column_container vc_col-sm-6\"><div class=\"vc_column-inner\"><div class=\"wpb_wrapper\">\n\t<div  class=\"wpb_single_image wpb_content_element vc_align_left  wpb_animate_when_almost_visible wpb_fadeInRightBig fadeInRightBig\">\n\t\t\n\t\t<figure class=\"wpb_wrapper vc_figure\">\n\t\t\t<a class=\"\" data-lightbox=\"lightbox[rel-848-2749200967]\" href=\"https:\/\/www.prolococastellanagrotte.it\/wp-content\/uploads\/2022\/11\/commedia-1024x682.jpeg\" target=\"_self\"><img loading=\"lazy\" decoding=\"async\" width=\"1600\" height=\"1066\" src=\"https:\/\/www.prolococastellanagrotte.it\/wp-content\/uploads\/2022\/11\/commedia.jpeg\" class=\"vc_single_image-img attachment-full\" alt=\"\" srcset=\"https:\/\/www.prolococastellanagrotte.it\/wp-content\/uploads\/2022\/11\/commedia.jpeg 1600w, https:\/\/www.prolococastellanagrotte.it\/wp-content\/uploads\/2022\/11\/commedia-300x200.jpeg 300w, https:\/\/www.prolococastellanagrotte.it\/wp-content\/uploads\/2022\/11\/commedia-1024x682.jpeg 1024w, https:\/\/www.prolococastellanagrotte.it\/wp-content\/uploads\/2022\/11\/commedia-768x512.jpeg 768w, https:\/\/www.prolococastellanagrotte.it\/wp-content\/uploads\/2022\/11\/commedia-1536x1023.jpeg 1536w\" sizes=\"auto, (max-width: 1600px) 100vw, 1600px\" \/><\/a>\n\t\t<\/figure>\n\t<\/div>\n<\/div><\/div><\/div><\/div><div class=\"vc_row wpb_row vc_row-fluid gino\"><div class=\"wpb_column vc_column_container vc_col-sm-6\"><div class=\"vc_column-inner\"><div class=\"wpb_wrapper\">\n\t<div class=\"wpb_text_column wpb_content_element\" >\n\t\t<div class=\"wpb_wrapper\">\n\t\t\t<p style=\"text-align: right;\"><span style=\"font-size: 14pt;\"><strong>SINFON\u00cdAS DE OTO\u00d1O<\/strong><\/span><\/p>\n<p style=\"text-align: justify;\"><span style=\"font-size: 14pt;\">En el fascinante vest\u00edbulo de entrada del Palazzo Sgobba, los invitados son recibidos por los m\u00fasicos de la &quot;Banda di Castellana Grotte&quot;, sinfon\u00edas que acogen y acompa\u00f1an a los visitantes en el descubrimiento del palacio del siglo XIX.<\/span><\/p>\n\n\t\t<\/div>\n\t<\/div>\n<\/div><\/div><\/div><div class=\"wpb_column vc_column_container vc_col-sm-6\"><div class=\"vc_column-inner\"><div class=\"wpb_wrapper\">\n\t<div  class=\"wpb_single_image wpb_content_element vc_align_left  wpb_animate_when_almost_visible wpb_fadeInRightBig fadeInRightBig\">\n\t\t\n\t\t<figure class=\"wpb_wrapper vc_figure\">\n\t\t\t<a class=\"\" data-lightbox=\"lightbox[rel-848-2842442956]\" href=\"https:\/\/www.prolococastellanagrotte.it\/wp-content\/uploads\/2022\/11\/07-1024x682.jpg\" target=\"_self\"><img loading=\"lazy\" decoding=\"async\" width=\"1600\" height=\"1066\" src=\"https:\/\/www.prolococastellanagrotte.it\/wp-content\/uploads\/2022\/11\/07.jpg\" class=\"vc_single_image-img attachment-full\" alt=\"\" srcset=\"https:\/\/www.prolococastellanagrotte.it\/wp-content\/uploads\/2022\/11\/07.jpg 1600w, https:\/\/www.prolococastellanagrotte.it\/wp-content\/uploads\/2022\/11\/07-300x200.jpg 300w, https:\/\/www.prolococastellanagrotte.it\/wp-content\/uploads\/2022\/11\/07-1024x682.jpg 1024w, https:\/\/www.prolococastellanagrotte.it\/wp-content\/uploads\/2022\/11\/07-768x512.jpg 768w, https:\/\/www.prolococastellanagrotte.it\/wp-content\/uploads\/2022\/11\/07-1536x1023.jpg 1536w\" sizes=\"auto, (max-width: 1600px) 100vw, 1600px\" \/><\/a>\n\t\t<\/figure>\n\t<\/div>\n<\/div><\/div><\/div><\/div><div class=\"vc_row wpb_row vc_row-fluid gino\"><div class=\"wpb_column vc_column_container vc_col-sm-6\"><div class=\"vc_column-inner\"><div class=\"wpb_wrapper\">\n\t<div class=\"wpb_text_column wpb_content_element\" >\n\t\t<div class=\"wpb_wrapper\">\n\t\t\t<p style=\"text-align: right;\"><span style=\"font-size: 14pt;\"><strong>COMO SE JUGABA EN LA \u00c9POCA<\/strong><\/span><\/p>\n<p style=\"text-align: justify;\"><span style=\"font-size: 14pt;\">Alrededor de 30 estudiantes vivieron de primera mano los juegos tradicionales; Retos de equipo, usos ya no conocidos y utilizados por las nuevas generaciones. <\/span><\/p>\n\n\t\t<\/div>\n\t<\/div>\n<\/div><\/div><\/div><div class=\"wpb_column vc_column_container vc_col-sm-6\"><div class=\"vc_column-inner\"><div class=\"wpb_wrapper\">\n\t<div  class=\"wpb_single_image wpb_content_element vc_align_left  wpb_animate_when_almost_visible wpb_fadeInRightBig fadeInRightBig\">\n\t\t\n\t\t<figure class=\"wpb_wrapper vc_figure\">\n\t\t\t<a class=\"\" data-lightbox=\"lightbox[rel-848-472297462]\" href=\"https:\/\/www.prolococastellanagrotte.it\/wp-content\/uploads\/2023\/06\/nuova-foto-per-pagina-festa-dautunno.jpg\" target=\"_self\"><img loading=\"lazy\" decoding=\"async\" width=\"917\" height=\"540\" src=\"https:\/\/www.prolococastellanagrotte.it\/wp-content\/uploads\/2023\/06\/nuova-foto-per-pagina-festa-dautunno.jpg\" class=\"vc_single_image-img attachment-full\" alt=\"\" srcset=\"https:\/\/www.prolococastellanagrotte.it\/wp-content\/uploads\/2023\/06\/nuova-foto-per-pagina-festa-dautunno.jpg 917w, https:\/\/www.prolococastellanagrotte.it\/wp-content\/uploads\/2023\/06\/nuova-foto-per-pagina-festa-dautunno-300x177.jpg 300w, https:\/\/www.prolococastellanagrotte.it\/wp-content\/uploads\/2023\/06\/nuova-foto-per-pagina-festa-dautunno-768x452.jpg 768w\" sizes=\"auto, (max-width: 917px) 100vw, 917px\" \/><\/a>\n\t\t<\/figure>\n\t<\/div>\n<\/div><\/div><\/div><\/div><div class=\"vc_row wpb_row vc_row-fluid gino\"><div class=\"wpb_column vc_column_container vc_col-sm-6\"><div class=\"vc_column-inner\"><div class=\"wpb_wrapper\">\n\t<div class=\"wpb_text_column wpb_content_element\" >\n\t\t<div class=\"wpb_wrapper\">\n\t\t\t<p style=\"text-align: right;\"><span style=\"font-size: 14pt;\"><strong>RESPIRACI\u00d3N DE OTO\u00d1O EN LA ESCUELA<\/strong><\/span><\/p>\n<p style=\"text-align: justify;\"><span style=\"font-size: 14pt;\">Alrededor de 40 estudiantes de las dos escuelas secundarias de la zona participaron por el vicepresidente Agr. <a href=\"https:\/\/www.facebook.com\/campanellalessandro\">Campanella Alessandro<\/a> en un laboratorio te\u00f3rico-pr\u00e1ctico con algunas frutas de temporada.<\/span><\/p>\n\n\t\t<\/div>\n\t<\/div>\n<\/div><\/div><\/div><div class=\"wpb_column vc_column_container vc_col-sm-6\"><div class=\"vc_column-inner\"><div class=\"wpb_wrapper\">\n\t<div  class=\"wpb_single_image wpb_content_element vc_align_left  wpb_animate_when_almost_visible wpb_fadeInRightBig fadeInRightBig\">\n\t\t\n\t\t<figure class=\"wpb_wrapper vc_figure\">\n\t\t\t<a class=\"\" data-lightbox=\"lightbox[rel-848-3643579114]\" href=\"https:\/\/www.prolococastellanagrotte.it\/wp-content\/uploads\/2022\/11\/09-1024x851.jpg\" target=\"_self\"><img loading=\"lazy\" decoding=\"async\" width=\"1080\" height=\"898\" src=\"https:\/\/www.prolococastellanagrotte.it\/wp-content\/uploads\/2022\/11\/09.jpg\" class=\"vc_single_image-img attachment-full\" alt=\"\" srcset=\"https:\/\/www.prolococastellanagrotte.it\/wp-content\/uploads\/2022\/11\/09.jpg 1080w, https:\/\/www.prolococastellanagrotte.it\/wp-content\/uploads\/2022\/11\/09-300x249.jpg 300w, https:\/\/www.prolococastellanagrotte.it\/wp-content\/uploads\/2022\/11\/09-1024x851.jpg 1024w, https:\/\/www.prolococastellanagrotte.it\/wp-content\/uploads\/2022\/11\/09-768x639.jpg 768w\" sizes=\"auto, (max-width: 1080px) 100vw, 1080px\" \/><\/a>\n\t\t<\/figure>\n\t<\/div>\n<\/div><\/div><\/div><\/div><div class=\"vc_row wpb_row vc_row-fluid gino\"><div class=\"wpb_column vc_column_container vc_col-sm-6\"><div class=\"vc_column-inner\"><div class=\"wpb_wrapper\">\n\t<div class=\"wpb_text_column wpb_content_element\" >\n\t\t<div class=\"wpb_wrapper\">\n\t\t\t<p style=\"text-align: right;\"><span style=\"font-size: 14pt;\"><strong>FRUTOS ANTIGUOS, ENTRE EL REDESCUBRIMIENTO Y LA MEJORA<\/strong><\/span><\/p>\n<p style=\"text-align: justify;\"><span style=\"font-size: 14pt;\">La conferencia, en la que participaron los estudiantes del IISS Consoli, Alberghiero de Castellana Grotte, tuvo lugar en el propio instituto en via Rosatella, en presencia de ponentes cualificados, entre ellos el agr\u00f3nomo Dr. Pasquale Venerito, investigador del CRSFA Locorotondo, las profesoras Franca Carrisi, Valentina Centonze y la prof. Vito Rinaldi, del IISS Consoli, de la emprendedora Dra. Luciana Cipriana y de la directora de la cl\u00ednica de nutrici\u00f3n, la bi\u00f3loga Valeria Tutino.<\/span><\/p>\n\n\t\t<\/div>\n\t<\/div>\n<\/div><\/div><\/div><div class=\"wpb_column vc_column_container vc_col-sm-6\"><div class=\"vc_column-inner\"><div class=\"wpb_wrapper\">\n\t<div  class=\"wpb_single_image wpb_content_element vc_align_left  wpb_animate_when_almost_visible wpb_fadeInRightBig fadeInRightBig\">\n\t\t\n\t\t<figure class=\"wpb_wrapper vc_figure\">\n\t\t\t<a class=\"\" data-lightbox=\"lightbox[rel-848-3587942948]\" href=\"https:\/\/www.prolococastellanagrotte.it\/wp-content\/uploads\/2024\/10\/autunno2024b_riscoperta-e-valorizzazione-1024x484.jpg\" target=\"_self\"><img loading=\"lazy\" decoding=\"async\" width=\"1600\" height=\"757\" src=\"https:\/\/www.prolococastellanagrotte.it\/wp-content\/uploads\/2024\/10\/autunno2024b_riscoperta-e-valorizzazione.jpg\" class=\"vc_single_image-img attachment-full\" alt=\"\" srcset=\"https:\/\/www.prolococastellanagrotte.it\/wp-content\/uploads\/2024\/10\/autunno2024b_riscoperta-e-valorizzazione.jpg 1600w, https:\/\/www.prolococastellanagrotte.it\/wp-content\/uploads\/2024\/10\/autunno2024b_riscoperta-e-valorizzazione-300x142.jpg 300w, https:\/\/www.prolococastellanagrotte.it\/wp-content\/uploads\/2024\/10\/autunno2024b_riscoperta-e-valorizzazione-1024x484.jpg 1024w, https:\/\/www.prolococastellanagrotte.it\/wp-content\/uploads\/2024\/10\/autunno2024b_riscoperta-e-valorizzazione-768x363.jpg 768w, https:\/\/www.prolococastellanagrotte.it\/wp-content\/uploads\/2024\/10\/autunno2024b_riscoperta-e-valorizzazione-1536x727.jpg 1536w, https:\/\/www.prolococastellanagrotte.it\/wp-content\/uploads\/2024\/10\/autunno2024b_riscoperta-e-valorizzazione-18x9.jpg 18w\" sizes=\"auto, (max-width: 1600px) 100vw, 1600px\" \/><\/a>\n\t\t<\/figure>\n\t<\/div>\n<\/div><\/div><\/div><\/div><div class=\"vc_row wpb_row vc_row-fluid gino\"><div class=\"wpb_column vc_column_container vc_col-sm-6\"><div class=\"vc_column-inner\"><div class=\"wpb_wrapper\">\n\t<div class=\"wpb_text_column wpb_content_element\" >\n\t\t<div class=\"wpb_wrapper\">\n\t\t\t<p style=\"text-align: right;\"><span style=\"font-size: 14pt;\"><strong>ARCIMBOLDO<\/strong><\/span><\/p>\n<p style=\"text-align: justify;\"><span style=\"font-size: 14pt;\">Realizzata dagli studenti dell&#8217;IISS Consoli, con la frutta di stazione il celebre volto ispirato alle opere di Giuseppe\u00a0Arcimboldo<\/span><\/p>\n\n\t\t<\/div>\n\t<\/div>\n<\/div><\/div><\/div><div class=\"wpb_column vc_column_container vc_col-sm-6\"><div class=\"vc_column-inner\"><div class=\"wpb_wrapper\">\n\t<div  class=\"wpb_single_image wpb_content_element vc_align_left  wpb_animate_when_almost_visible wpb_fadeInRightBig fadeInRightBig\">\n\t\t\n\t\t<figure class=\"wpb_wrapper vc_figure\">\n\t\t\t<a class=\"\" data-lightbox=\"lightbox[rel-848-1821617632]\" href=\"https:\/\/www.prolococastellanagrotte.it\/wp-content\/uploads\/2024\/10\/autunno2024a_ARCIMBOLDO-1024x768.jpg\" target=\"_self\"><img loading=\"lazy\" decoding=\"async\" width=\"1600\" height=\"1200\" src=\"https:\/\/www.prolococastellanagrotte.it\/wp-content\/uploads\/2024\/10\/autunno2024a_ARCIMBOLDO.jpg\" class=\"vc_single_image-img attachment-full\" alt=\"\" srcset=\"https:\/\/www.prolococastellanagrotte.it\/wp-content\/uploads\/2024\/10\/autunno2024a_ARCIMBOLDO.jpg 1600w, https:\/\/www.prolococastellanagrotte.it\/wp-content\/uploads\/2024\/10\/autunno2024a_ARCIMBOLDO-300x225.jpg 300w, https:\/\/www.prolococastellanagrotte.it\/wp-content\/uploads\/2024\/10\/autunno2024a_ARCIMBOLDO-1024x768.jpg 1024w, https:\/\/www.prolococastellanagrotte.it\/wp-content\/uploads\/2024\/10\/autunno2024a_ARCIMBOLDO-768x576.jpg 768w, https:\/\/www.prolococastellanagrotte.it\/wp-content\/uploads\/2024\/10\/autunno2024a_ARCIMBOLDO-1536x1152.jpg 1536w, https:\/\/www.prolococastellanagrotte.it\/wp-content\/uploads\/2024\/10\/autunno2024a_ARCIMBOLDO-16x12.jpg 16w\" sizes=\"auto, (max-width: 1600px) 100vw, 1600px\" \/><\/a>\n\t\t<\/figure>\n\t<\/div>\n<\/div><\/div><\/div><\/div><div class=\"vc_row wpb_row vc_row-fluid gino\"><div class=\"wpb_column vc_column_container vc_col-sm-6\"><div class=\"vc_column-inner\"><div class=\"wpb_wrapper\">\n\t<div class=\"wpb_text_column wpb_content_element\" >\n\t\t<div class=\"wpb_wrapper\">\n\t\t\t<p style=\"text-align: right;\"><span style=\"font-size: 14pt;\"><strong>PALIO DELLE BOTTI<\/strong><\/span><\/p>\n<p style=\"text-align: justify;\"><span style=\"font-size: 14pt;\">A colorare l&#8217;angolo delle cantine premiate dai Tre bicchieri del gambero rosso, le botti decorate del Palio della botti di Gioia del Colle. Il Palio delle Botti \u00e8 una gara di forza e di abilit\u00e0 che consiste nello spingere delle barrique da 225 l, interamente dipinte da artisti, per le vie della citt\u00e0 di Gioia\u00a0del\u00a0Colle.<\/span><\/p>\n\n\t\t<\/div>\n\t<\/div>\n<\/div><\/div><\/div><div class=\"wpb_column vc_column_container vc_col-sm-6\"><div class=\"vc_column-inner\"><div class=\"wpb_wrapper\">\n\t<div  class=\"wpb_single_image wpb_content_element vc_align_left  wpb_animate_when_almost_visible wpb_fadeInRightBig fadeInRightBig\">\n\t\t\n\t\t<figure class=\"wpb_wrapper vc_figure\">\n\t\t\t<a class=\"\" data-lightbox=\"lightbox[rel-848-1452069309]\" href=\"https:\/\/www.prolococastellanagrotte.it\/wp-content\/uploads\/2024\/10\/autunno2024d_gambero_rosso.jpg\" target=\"_self\"><img loading=\"lazy\" decoding=\"async\" width=\"540\" height=\"960\" src=\"https:\/\/www.prolococastellanagrotte.it\/wp-content\/uploads\/2024\/10\/autunno2024d_gambero_rosso.jpg\" class=\"vc_single_image-img attachment-full\" alt=\"\" srcset=\"https:\/\/www.prolococastellanagrotte.it\/wp-content\/uploads\/2024\/10\/autunno2024d_gambero_rosso.jpg 540w, https:\/\/www.prolococastellanagrotte.it\/wp-content\/uploads\/2024\/10\/autunno2024d_gambero_rosso-169x300.jpg 169w, https:\/\/www.prolococastellanagrotte.it\/wp-content\/uploads\/2024\/10\/autunno2024d_gambero_rosso-7x12.jpg 7w\" sizes=\"auto, (max-width: 540px) 100vw, 540px\" \/><\/a>\n\t\t<\/figure>\n\t<\/div>\n<\/div><\/div><\/div><\/div><div class=\"vc_row wpb_row vc_row-fluid\"><div class=\"wpb_column vc_column_container vc_col-sm-12\"><div class=\"vc_column-inner\"><div class=\"wpb_wrapper\"><div class=\"vc_empty_space\"   style=\"height: 32px\"><span class=\"vc_empty_space_inner\"><\/span><\/div><\/div><\/div><\/div><\/div><div class=\"vc_row wpb_row vc_row-fluid gino\"><div class=\"wpb_column vc_column_container vc_col-sm-3\"><div class=\"vc_column-inner\"><div class=\"wpb_wrapper\"><\/div><\/div><\/div><div class=\"wpb_column vc_column_container vc_col-sm-6\"><div class=\"vc_column-inner\"><div class=\"wpb_wrapper\">\n\t<div  class=\"wpb_single_image wpb_content_element vc_align_left\">\n\t\t\n\t\t<figure class=\"wpb_wrapper vc_figure\">\n\t\t\t<div class=\"vc_single_image-wrapper   vc_box_border_grey\"><img loading=\"lazy\" decoding=\"async\" width=\"1048\" height=\"442\" src=\"https:\/\/www.prolococastellanagrotte.it\/wp-content\/uploads\/2024\/10\/banner_autunno.jpg\" class=\"vc_single_image-img attachment-full\" alt=\"\" srcset=\"https:\/\/www.prolococastellanagrotte.it\/wp-content\/uploads\/2024\/10\/banner_autunno.jpg 1048w, https:\/\/www.prolococastellanagrotte.it\/wp-content\/uploads\/2024\/10\/banner_autunno-300x127.jpg 300w, https:\/\/www.prolococastellanagrotte.it\/wp-content\/uploads\/2024\/10\/banner_autunno-1024x432.jpg 1024w, https:\/\/www.prolococastellanagrotte.it\/wp-content\/uploads\/2024\/10\/banner_autunno-768x324.jpg 768w, https:\/\/www.prolococastellanagrotte.it\/wp-content\/uploads\/2024\/10\/banner_autunno-18x8.jpg 18w\" sizes=\"auto, (max-width: 1048px) 100vw, 1048px\" \/><\/div>\n\t\t<\/figure>\n\t<\/div>\n<\/div><\/div><\/div><div class=\"wpb_column vc_column_container vc_col-sm-3\"><div class=\"vc_column-inner\"><div class=\"wpb_wrapper\"><\/div><\/div><\/div><\/div><div class=\"vc_row wpb_row vc_row-fluid gino\"><div class=\"wpb_column vc_column_container vc_col-sm-3\"><div class=\"vc_column-inner\"><div class=\"wpb_wrapper\">\n\t<div  class=\"wpb_single_image wpb_content_element vc_align_left\">\n\t\t\n\t\t<figure class=\"wpb_wrapper vc_figure\">\n\t\t\t<div class=\"vc_single_image-wrapper   vc_box_border_grey\"><img loading=\"lazy\" decoding=\"async\" width=\"500\" height=\"149\" src=\"https:\/\/www.prolococastellanagrotte.it\/wp-content\/uploads\/2022\/01\/logo_regione.jpg\" class=\"vc_single_image-img attachment-full\" alt=\"\" srcset=\"https:\/\/www.prolococastellanagrotte.it\/wp-content\/uploads\/2022\/01\/logo_regione.jpg 500w, https:\/\/www.prolococastellanagrotte.it\/wp-content\/uploads\/2022\/01\/logo_regione-300x89.jpg 300w\" sizes=\"auto, (max-width: 500px) 100vw, 500px\" \/><\/div>\n\t\t<\/figure>\n\t<\/div>\n<\/div><\/div><\/div><div class=\"wpb_column vc_column_container vc_col-sm-9\"><div class=\"vc_column-inner\"><div class=\"wpb_wrapper\">\n\t<div class=\"wpb_text_column wpb_content_element\" >\n\t\t<div class=\"wpb_wrapper\">\n\t\t\t<p style=\"text-align: justify;\"><span style=\"font-size: 14pt;\"><strong>&#8220;Anno 2024&#8221;<\/strong><br \/>\n&#8220;Progetto realizzato con il contributo della Regione Puglia &#8211; Assessorato Agricoltura, Industria Agroalimentare, Risorse Agroalimentari, Riforma Fondiaria, CACCIA E pesca, Foreste&#8221; il patrocinio e contributo del Comune di Castellana Grotte, compreso nel progetto Doc Museum, con la collaborazione del GAL Trulli e Grotte,\u00a0IISS\u00a0Consoli.<\/span><\/p>\n\n\t\t<\/div>\n\t<\/div>\n\n\t<div class=\"wpb_text_column wpb_content_element\" >\n\t\t<div class=\"wpb_wrapper\">\n\t\t\t<p style=\"text-align: justify;\"><span style=\"font-size: 14pt;\"><strong>&#8220;Anno 2022&#8221;<\/strong><br \/>\nManifestazione: &#8220;Saperi &amp; Sapori&#8221; Cibo, tradizioni e arte &#8211; Festa d&#8217;Autunno \u201cSpesa finanziata con l\u2019avviso anno 2022 per la erogazione di contributi alle associazioni turistiche pro loco\u201d ammesso per l\u2019intero importo. CUP B38J22001070002.<\/span><\/p>\n\n\t\t<\/div>\n\t<\/div>\n<\/div><\/div><\/div><\/div>","protected":false},"excerpt":{"rendered":"VISITA ENTRE LAS TRADICIONES Y EL TERRITORIO Descubriendo el territorio, las estrechas calles del n\u00facleo antiguo y los edificios hist\u00f3ricos cuentan la historia de tiempos pasados, las tradiciones de un territorio rico en an\u00e9cdotas por descubrir. REABRE EL PALACIO SGOBBA La familia Sgobba, por invitaci\u00f3n del Pro Loco, reabre las puertas del<div class=\"re-read-more\"><a class=\"read-more\" href=\"https:\/\/www.prolococastellanagrotte.it\/es\/festa-dautunno\/\">Leer m\u00e1s...<\/a><\/div>","protected":false},"author":1,"featured_media":0,"parent":0,"menu_order":0,"comment_status":"closed","ping_status":"closed","template":"full-width.php","meta":{"footnotes":""},"class_list":["post-848","page","type-page","status-publish","hentry"],"yoast_head":"<!-- This site is optimized with the Yoast SEO plugin v27.5 - https:\/\/yoast.com\/product\/yoast-seo-wordpress\/ -->\n<title>Festa d&#039;Autunno - Pro Loco Castellana Grotte | Don Nicola Pellegrino<\/title>\n<meta name=\"robots\" content=\"index, follow, max-snippet:-1, max-image-preview:large, max-video-preview:-1\" \/>\n<link rel=\"canonical\" href=\"https:\/\/www.prolococastellanagrotte.it\/es\/festa-dautunno\/\" \/>\n<meta property=\"og:locale\" content=\"es_ES\" \/>\n<meta property=\"og:type\" content=\"article\" \/>\n<meta property=\"og:title\" content=\"Festa d&#039;Autunno - Pro Loco Castellana Grotte | Don Nicola Pellegrino\" \/>\n<meta property=\"og:url\" content=\"https:\/\/www.prolococastellanagrotte.it\/es\/festa-dautunno\/\" \/>\n<meta property=\"og:site_name\" content=\"Pro Loco Castellana Grotte | Don Nicola Pellegrino\" \/>\n<meta property=\"article:modified_time\" content=\"2024-10-31T11:55:46+00:00\" \/>\n<meta name=\"twitter:card\" content=\"summary_large_image\" \/>\n<meta name=\"twitter:label1\" content=\"Tiempo de lectura\" \/>\n\t<meta name=\"twitter:data1\" content=\"7 minutos\" \/>\n<script type=\"application\/ld+json\" class=\"yoast-schema-graph\">{\"@context\":\"https:\\\/\\\/schema.org\",\"@graph\":[{\"@type\":\"WebPage\",\"@id\":\"https:\\\/\\\/www.prolococastellanagrotte.it\\\/festa-dautunno\\\/\",\"url\":\"https:\\\/\\\/www.prolococastellanagrotte.it\\\/festa-dautunno\\\/\",\"name\":\"Festa d'Autunno - Pro Loco Castellana Grotte | Don Nicola Pellegrino\",\"isPartOf\":{\"@id\":\"https:\\\/\\\/www.prolococastellanagrotte.it\\\/#website\"},\"datePublished\":\"2022-11-11T15:17:20+00:00\",\"dateModified\":\"2024-10-31T11:55:46+00:00\",\"breadcrumb\":{\"@id\":\"https:\\\/\\\/www.prolococastellanagrotte.it\\\/festa-dautunno\\\/#breadcrumb\"},\"inLanguage\":\"es\",\"potentialAction\":[{\"@type\":\"ReadAction\",\"target\":[\"https:\\\/\\\/www.prolococastellanagrotte.it\\\/festa-dautunno\\\/\"]}]},{\"@type\":\"BreadcrumbList\",\"@id\":\"https:\\\/\\\/www.prolococastellanagrotte.it\\\/festa-dautunno\\\/#breadcrumb\",\"itemListElement\":[{\"@type\":\"ListItem\",\"position\":1,\"name\":\"Home\",\"item\":\"https:\\\/\\\/www.prolococastellanagrotte.it\\\/\"},{\"@type\":\"ListItem\",\"position\":2,\"name\":\"Festa d&#8217;Autunno\"}]},{\"@type\":\"WebSite\",\"@id\":\"https:\\\/\\\/www.prolococastellanagrotte.it\\\/#website\",\"url\":\"https:\\\/\\\/www.prolococastellanagrotte.it\\\/\",\"name\":\"Pro Loco Castellana Grotte | Don Nicola Pellegrino\",\"description\":\"\",\"publisher\":{\"@id\":\"https:\\\/\\\/www.prolococastellanagrotte.it\\\/#organization\"},\"potentialAction\":[{\"@type\":\"SearchAction\",\"target\":{\"@type\":\"EntryPoint\",\"urlTemplate\":\"https:\\\/\\\/www.prolococastellanagrotte.it\\\/?s={search_term_string}\"},\"query-input\":{\"@type\":\"PropertyValueSpecification\",\"valueRequired\":true,\"valueName\":\"search_term_string\"}}],\"inLanguage\":\"es\"},{\"@type\":\"Organization\",\"@id\":\"https:\\\/\\\/www.prolococastellanagrotte.it\\\/#organization\",\"name\":\"Pro Loco Castellana Grotte | Don Nicola Pellegrino\",\"url\":\"https:\\\/\\\/www.prolococastellanagrotte.it\\\/\",\"logo\":{\"@type\":\"ImageObject\",\"inLanguage\":\"es\",\"@id\":\"https:\\\/\\\/www.prolococastellanagrotte.it\\\/#\\\/schema\\\/logo\\\/image\\\/\",\"url\":\"https:\\\/\\\/www.prolococastellanagrotte.it\\\/wp-content\\\/uploads\\\/2021\\\/11\\\/cropped-logos_definitivo.png\",\"contentUrl\":\"https:\\\/\\\/www.prolococastellanagrotte.it\\\/wp-content\\\/uploads\\\/2021\\\/11\\\/cropped-logos_definitivo.png\",\"width\":300,\"height\":157,\"caption\":\"Pro Loco Castellana Grotte | Don Nicola Pellegrino\"},\"image\":{\"@id\":\"https:\\\/\\\/www.prolococastellanagrotte.it\\\/#\\\/schema\\\/logo\\\/image\\\/\"}}]}<\/script>\n<!-- \/ Yoast SEO plugin. -->","yoast_head_json":{"title":"Festa d'Autunno - Pro Loco Castellana Grotte | Don Nicola Pellegrino","robots":{"index":"index","follow":"follow","max-snippet":"max-snippet:-1","max-image-preview":"max-image-preview:large","max-video-preview":"max-video-preview:-1"},"canonical":"https:\/\/www.prolococastellanagrotte.it\/es\/festa-dautunno\/","og_locale":"es_ES","og_type":"article","og_title":"Festa d'Autunno - Pro Loco Castellana Grotte | Don Nicola Pellegrino","og_url":"https:\/\/www.prolococastellanagrotte.it\/es\/festa-dautunno\/","og_site_name":"Pro Loco Castellana Grotte | Don Nicola Pellegrino","article_modified_time":"2024-10-31T11:55:46+00:00","twitter_card":"summary_large_image","twitter_misc":{"Tiempo de lectura":"7 minutos"},"schema":{"@context":"https:\/\/schema.org","@graph":[{"@type":"WebPage","@id":"https:\/\/www.prolococastellanagrotte.it\/festa-dautunno\/","url":"https:\/\/www.prolococastellanagrotte.it\/festa-dautunno\/","name":"Festa d'Autunno - Pro Loco Castellana Grotte | Don Nicola Pellegrino","isPartOf":{"@id":"https:\/\/www.prolococastellanagrotte.it\/#website"},"datePublished":"2022-11-11T15:17:20+00:00","dateModified":"2024-10-31T11:55:46+00:00","breadcrumb":{"@id":"https:\/\/www.prolococastellanagrotte.it\/festa-dautunno\/#breadcrumb"},"inLanguage":"es","potentialAction":[{"@type":"ReadAction","target":["https:\/\/www.prolococastellanagrotte.it\/festa-dautunno\/"]}]},{"@type":"BreadcrumbList","@id":"https:\/\/www.prolococastellanagrotte.it\/festa-dautunno\/#breadcrumb","itemListElement":[{"@type":"ListItem","position":1,"name":"Home","item":"https:\/\/www.prolococastellanagrotte.it\/"},{"@type":"ListItem","position":2,"name":"Festa d&#8217;Autunno"}]},{"@type":"WebSite","@id":"https:\/\/www.prolococastellanagrotte.it\/#website","url":"https:\/\/www.prolococastellanagrotte.it\/","name":"Pro Loco Castellana Grotte | Don Nicola Pellegrino","description":"","publisher":{"@id":"https:\/\/www.prolococastellanagrotte.it\/#organization"},"potentialAction":[{"@type":"SearchAction","target":{"@type":"EntryPoint","urlTemplate":"https:\/\/www.prolococastellanagrotte.it\/?s={search_term_string}"},"query-input":{"@type":"PropertyValueSpecification","valueRequired":true,"valueName":"search_term_string"}}],"inLanguage":"es"},{"@type":"Organization","@id":"https:\/\/www.prolococastellanagrotte.it\/#organization","name":"Pro Loco Castellana Grotte | Don Nicola Pellegrino","url":"https:\/\/www.prolococastellanagrotte.it\/","logo":{"@type":"ImageObject","inLanguage":"es","@id":"https:\/\/www.prolococastellanagrotte.it\/#\/schema\/logo\/image\/","url":"https:\/\/www.prolococastellanagrotte.it\/wp-content\/uploads\/2021\/11\/cropped-logos_definitivo.png","contentUrl":"https:\/\/www.prolococastellanagrotte.it\/wp-content\/uploads\/2021\/11\/cropped-logos_definitivo.png","width":300,"height":157,"caption":"Pro Loco Castellana Grotte | Don Nicola Pellegrino"},"image":{"@id":"https:\/\/www.prolococastellanagrotte.it\/#\/schema\/logo\/image\/"}}]}},"_links":{"self":[{"href":"https:\/\/www.prolococastellanagrotte.it\/es\/wp-json\/wp\/v2\/pages\/848","targetHints":{"allow":["GET"]}}],"collection":[{"href":"https:\/\/www.prolococastellanagrotte.it\/es\/wp-json\/wp\/v2\/pages"}],"about":[{"href":"https:\/\/www.prolococastellanagrotte.it\/es\/wp-json\/wp\/v2\/types\/page"}],"author":[{"embeddable":true,"href":"https:\/\/www.prolococastellanagrotte.it\/es\/wp-json\/wp\/v2\/users\/1"}],"replies":[{"embeddable":true,"href":"https:\/\/www.prolococastellanagrotte.it\/es\/wp-json\/wp\/v2\/comments?post=848"}],"version-history":[{"count":43,"href":"https:\/\/www.prolococastellanagrotte.it\/es\/wp-json\/wp\/v2\/pages\/848\/revisions"}],"predecessor-version":[{"id":2054,"href":"https:\/\/www.prolococastellanagrotte.it\/es\/wp-json\/wp\/v2\/pages\/848\/revisions\/2054"}],"wp:attachment":[{"href":"https:\/\/www.prolococastellanagrotte.it\/es\/wp-json\/wp\/v2\/media?parent=848"}],"curies":[{"name":"wp","href":"https:\/\/api.w.org\/{rel}","templated":true}]}}