{"id":304,"date":"2021-11-23T11:34:26","date_gmt":"2021-11-23T10:34:26","guid":{"rendered":"https:\/\/www.prolococastellanagrotte.it\/?page_id=304"},"modified":"2023-06-30T12:28:11","modified_gmt":"2023-06-30T10:28:11","slug":"5-edicola-madonna-del-carmine","status":"publish","type":"page","link":"https:\/\/www.prolococastellanagrotte.it\/es\/5-edicola-madonna-del-carmine\/","title":{"rendered":"05 \u2013 KIOSCO MADONNA DEL CARM\u00cdN"},"content":{"rendered":"<div class=\"vc_row wpb_row vc_row-fluid\"><div class=\"wpb_column vc_column_container vc_col-sm-12\"><div class=\"vc_column-inner\"><div class=\"wpb_wrapper\">\n\t<div  class=\"wpb_single_image wpb_content_element vc_align_left\">\n\t\t\n\t\t<figure class=\"wpb_wrapper vc_figure\">\n\t\t\t<div class=\"vc_single_image-wrapper   vc_box_border_grey\"><img loading=\"lazy\" decoding=\"async\" width=\"2000\" height=\"450\" src=\"https:\/\/www.prolococastellanagrotte.it\/wp-content\/uploads\/2021\/11\/05_a.jpg\" class=\"vc_single_image-img attachment-full\" alt=\"\" srcset=\"https:\/\/www.prolococastellanagrotte.it\/wp-content\/uploads\/2021\/11\/05_a.jpg 2000w, https:\/\/www.prolococastellanagrotte.it\/wp-content\/uploads\/2021\/11\/05_a-300x68.jpg 300w, https:\/\/www.prolococastellanagrotte.it\/wp-content\/uploads\/2021\/11\/05_a-1024x230.jpg 1024w, https:\/\/www.prolococastellanagrotte.it\/wp-content\/uploads\/2021\/11\/05_a-768x173.jpg 768w, https:\/\/www.prolococastellanagrotte.it\/wp-content\/uploads\/2021\/11\/05_a-1536x346.jpg 1536w\" sizes=\"auto, (max-width: 2000px) 100vw, 2000px\" \/><\/div>\n\t\t<\/figure>\n\t<\/div>\n<\/div><\/div><\/div><\/div><div class=\"vc_row wpb_row vc_row-fluid gino\"><div class=\"wpb_column vc_column_container vc_col-sm-12\"><div class=\"vc_column-inner\"><div class=\"wpb_wrapper\">\n\t<div class=\"wpb_text_column wpb_content_element\" >\n\t\t<div class=\"wpb_wrapper\">\n\t\t\t<p style=\"text-align: center;\"><span style=\"font-size: 18pt;\"><strong><span style=\"color: #ff6d09;\"><a href=\"\/es\/mappa-completa-edicole\/\"><span style=\"font-size: 14pt;\">Ver el mapa completo de quioscos<\/span><\/a><br \/>\n<a href=\"\/es\/mappa-completa-edicole\/\"><img loading=\"lazy\" decoding=\"async\" class=\"alignnone wp-image-299\" src=\"http:\/\/www.prolococastellanagrotte.it\/wp-content\/uploads\/2021\/11\/maps-icon-16-300x300.png\" alt=\"\" width=\"77\" height=\"77\" srcset=\"https:\/\/www.prolococastellanagrotte.it\/wp-content\/uploads\/2021\/11\/maps-icon-16-300x300.png 300w, https:\/\/www.prolococastellanagrotte.it\/wp-content\/uploads\/2021\/11\/maps-icon-16-150x150.png 150w, https:\/\/www.prolococastellanagrotte.it\/wp-content\/uploads\/2021\/11\/maps-icon-16-100x100.png 100w, https:\/\/www.prolococastellanagrotte.it\/wp-content\/uploads\/2021\/11\/maps-icon-16.png 320w\" sizes=\"auto, (max-width: 77px) 100vw, 77px\" \/><\/a><\/span><\/strong><\/span><\/p>\n\n\t\t<\/div>\n\t<\/div>\n<\/div><\/div><\/div><\/div><div class=\"vc_row wpb_row vc_row-fluid gino\"><div class=\"wpb_column vc_column_container vc_col-sm-12\"><div class=\"vc_column-inner\"><div class=\"wpb_wrapper\">\n\t<div class=\"wpb_text_column wpb_content_element\" >\n\t\t<div class=\"wpb_wrapper\">\n\t\t\t<p style=\"text-align: justify;\"><span style=\"font-size: 18pt;\"><strong><span style=\"color: #ff6d09;\">V\u00eda de Consulibus<br \/>\n<\/span><\/strong><\/span><br \/>\n<span style=\"font-size: 14pt;\">Fresco de Madonna della Stella o del Carmine del siglo XIX. Autor Sabino Recchia pintor castellano. Probablemente el m\u00e1s antiguo de los frescos de su mano, es evidente su rasgo distintivo del dedo me\u00f1ique desprendido de la mano. Limpiados del polvo, surgieron los colores originales.<\/span><\/p>\n\n\t\t<\/div>\n\t<\/div>\n<\/div><\/div><\/div><\/div><div class=\"vc_row wpb_row vc_row-fluid gino\"><div class=\"wpb_column vc_column_container vc_col-sm-8\"><div class=\"vc_column-inner\"><div class=\"wpb_wrapper\">\n\t<div class=\"wpb_text_column wpb_content_element\" >\n\t\t<div class=\"wpb_wrapper\">\n\t\t\t<p style=\"text-align: justify;\"><span style=\"font-size: 14pt;\">Desde la plaza del Tribunal Local o Baronial se toma la v\u00eda Macerasa, un antiguo top\u00f3nimo que proviene de Lama Cerasa, es decir, la Lama dei Ciliegi, que recuerda la franja de tierra que discurr\u00eda entre dos colinas utilizadas antiguamente para el cultivo de cerezos.<br \/>\nAl principio de via Macerasa, a la derecha y a la derecha en el Arco De Consulibus, tambi\u00e9n llamado Arco di Pic\u00f3la (arco de Giuseppe Nicola), un marco de piedra con conchas, contiene un fresco dedicado a la Madonna del Carmine. El arco toma su nombre del Palacio de Consulibus que lo domina, cuyo escudo de armas a\u00fan es visible junto a las casas de la Corte Baronial. La familia de Consulibus era originaria de Contursi, en la provincia de Salerno; y de esto recordamos al m\u00e9dico Giuseppe Valerio de Consulibus (1647-1739) quien, tras la muerte de su esposa, sigui\u00f3 el camino eclesi\u00e1stico, distingui\u00e9ndose, especialmente durante la peste de 1690-92, en su doble misi\u00f3n de m\u00e9dico y como sacerdote en el hospital de Monopoli.<\/span><\/p>\n<div id=\"audioigniter-1315\" class=\"audioigniter-root\" data-player-type=\"simple\" data-tracks-url=\"https:\/\/www.prolococastellanagrotte.it\/es\/?audioigniter_playlist_id=1315\" data-display-track-no=\"false\" data-reverse-track-order=\"false\" data-display-tracklist-covers=\"true\" data-display-active-cover=\"true\" data-display-artist-names=\"false\" data-display-buy-buttons=\"false\" data-buy-buttons-target=\"false\" data-cycle-tracks=\"false\" data-display-credits=\"false\" data-display-tracklist=\"true\" data-allow-tracklist-toggle=\"true\" data-allow-tracklist-loop=\"true\" data-limit-tracklist-height=\"true\" data-volume=\"100\" data-tracklist-height=\"185\" ><\/div>\n\n\t\t<\/div>\n\t<\/div>\n<\/div><\/div><\/div><div class=\"wpb_column vc_column_container vc_col-sm-4\"><div class=\"vc_column-inner\"><div class=\"wpb_wrapper\">\n\t<div  class=\"wpb_single_image wpb_content_element vc_align_center\">\n\t\t\n\t\t<figure class=\"wpb_wrapper vc_figure\">\n\t\t\t<a class=\"\" data-lightbox=\"lightbox[rel-304-1802448486]\" href=\"https:\/\/www.prolococastellanagrotte.it\/wp-content\/uploads\/2021\/11\/05_b.jpg\" target=\"_self\"><img loading=\"lazy\" decoding=\"async\" width=\"1000\" height=\"1000\" src=\"https:\/\/www.prolococastellanagrotte.it\/wp-content\/uploads\/2021\/11\/05_b.jpg\" class=\"vc_single_image-img attachment-full\" alt=\"\" srcset=\"https:\/\/www.prolococastellanagrotte.it\/wp-content\/uploads\/2021\/11\/05_b.jpg 1000w, https:\/\/www.prolococastellanagrotte.it\/wp-content\/uploads\/2021\/11\/05_b-300x300.jpg 300w, https:\/\/www.prolococastellanagrotte.it\/wp-content\/uploads\/2021\/11\/05_b-150x150.jpg 150w, https:\/\/www.prolococastellanagrotte.it\/wp-content\/uploads\/2021\/11\/05_b-768x768.jpg 768w\" sizes=\"auto, (max-width: 1000px) 100vw, 1000px\" \/><\/a>\n\t\t<\/figure>\n\t<\/div>\n<\/div><\/div><\/div><\/div><div class=\"vc_row wpb_row vc_row-fluid gino\"><div class=\"wpb_column vc_column_container vc_col-sm-12\"><div class=\"vc_column-inner\"><div class=\"wpb_wrapper\">\n\t<div class=\"wpb_text_column wpb_content_element\" >\n\t\t<div class=\"wpb_wrapper\">\n\t\t\t<p style=\"text-align: center;\"><span style=\"font-size: 18pt;\"><strong>D\u00f3nde est\u00e1 y c\u00f3mo llegar<\/strong><\/span><\/p>\n\n\t\t<\/div>\n\t<\/div>\n<\/div><\/div><\/div><div class=\"wpb_column vc_column_container vc_col-sm-6\"><div class=\"vc_column-inner\"><div class=\"wpb_wrapper\">\n\t<div  class=\"wpb_single_image wpb_content_element vc_align_center\">\n\t\t\n\t\t<figure class=\"wpb_wrapper vc_figure\">\n\t\t\t<a class=\"\" data-lightbox=\"lightbox[rel-304-225675715]\" href=\"https:\/\/www.prolococastellanagrotte.it\/wp-content\/uploads\/2021\/11\/05_c-1024x682.jpg\" target=\"_self\"><img loading=\"lazy\" decoding=\"async\" width=\"1100\" height=\"733\" src=\"https:\/\/www.prolococastellanagrotte.it\/wp-content\/uploads\/2021\/11\/05_c.jpg\" class=\"vc_single_image-img attachment-full\" alt=\"\" srcset=\"https:\/\/www.prolococastellanagrotte.it\/wp-content\/uploads\/2021\/11\/05_c.jpg 1100w, https:\/\/www.prolococastellanagrotte.it\/wp-content\/uploads\/2021\/11\/05_c-300x200.jpg 300w, https:\/\/www.prolococastellanagrotte.it\/wp-content\/uploads\/2021\/11\/05_c-1024x682.jpg 1024w, https:\/\/www.prolococastellanagrotte.it\/wp-content\/uploads\/2021\/11\/05_c-768x512.jpg 768w\" sizes=\"auto, (max-width: 1100px) 100vw, 1100px\" \/><\/a>\n\t\t<\/figure>\n\t<\/div>\n<\/div><\/div><\/div><div class=\"wpb_column vc_column_container vc_col-sm-6\"><div class=\"vc_column-inner\"><div class=\"wpb_wrapper\">\n\t<div class=\"wpb_raw_code wpb_content_element wpb_raw_html\" >\n\t\t<div class=\"wpb_wrapper\">\n\t\t\t\n            <div \n                class=\"elfsight-widget-google-maps elfsight-widget\" \n                data-elfsight-google-maps-options=\"%7B%22categoriesEnabled%22%3Afalse%2C%22categories%22%3A%5B%5D%2C%22icons%22%3A%5B%7B%22value%22%3A%22%22%2C%22name%22%3A%22%20-%20None%20-%20%22%2C%22visible%22%3Afalse%7D%2C%7B%22value%22%3A%229361a380-1e92-4303-8aa2-7e8c2c073469%22%2C%22name%22%3A%22star%22%2C%22preview%22%3A%22https%3A%5C%2F%5C%2Fassets-elfsight-com.sfo2.digitaloceanspaces.com%5C%2Fapps%5C%2Fgoogle-maps%5C%2Fmarkers%5C%2Fmarker-star.svg%22%2C%22iconType%22%3A%22library%22%2C%22iconLibrary%22%3A%22star%22%2C%22iconCustom%22%3Anull%2C%22iconColor%22%3A%22%22%2C%22iconSize%22%3A32%7D%5D%2C%22lang%22%3A%22it%22%2C%22distanceUnits%22%3A%22km%22%2C%22markers%22%3A%5B%7B%22position%22%3A%2240.88569726403239%2C%2017.169089532070117%22%2C%22coordinates%22%3A%2240.88569726403239%2C%2017.169089532070117%22%2C%22infoTitle%22%3A%22EDICOLA%20MADONNA%20DEL%20CARMINE%22%2C%22category%22%3A%22%22%2C%22icon%22%3A%22%22%2C%22infoDescription%22%3A%22%22%2C%22infoImage%22%3A%22http%3A%5C%2F%5C%2Fwww.prolococastellanagrotte.it%5C%2Fwp-content%5C%2Fuploads%5C%2F2021%5C%2F11%5C%2F05_b.jpg%22%2C%22infoAddress%22%3A%22Via%20de%20Consulibus%22%2C%22infoSite%22%3A%22%22%2C%22infoPhone%22%3A%22%22%2C%22infoEmail%22%3A%22%22%2C%22infoWorkingHours%22%3A%22%22%2C%22markerClickAction%22%3A%22infoWindow%22%2C%22infoWindowOpenedByDefault%22%3Afalse%2C%22linkUrl%22%3A%22%22%2C%22animation%22%3A%22drop%22%7D%5D%2C%22mapType%22%3A%22roadmap%22%2C%22center%22%3A%22auto%22%2C%22zoom%22%3A%22auto%22%2C%22controls%22%3A%5B%22zoom%22%2C%22mapType%22%2C%22scale%22%2C%22streetView%22%2C%22rotate%22%2C%22fullScreen%22%5D%2C%22markerClusterEnabled%22%3Atrue%2C%22markerClusterZoom%22%3Atrue%2C%22markerClusterMin%22%3A2%2C%22markerClusterIcon%22%3A%22default%22%2C%22markerClusterIconColor%22%3A%22%22%2C%22markerClusterIconUrl%22%3Anull%2C%22markerClusterSize%22%3A52%2C%22infoDirections%22%3Atrue%2C%22directionsTarget%22%3A%22google%22%2C%22scrollwheel%22%3Afalse%2C%22draggable%22%3Atrue%2C%22layers%22%3A%5B%5D%2C%22width%22%3A%22auto%22%2C%22height%22%3A%22370%22%2C%22panelEnabled%22%3Afalse%2C%22panelOpenByDefault%22%3Atrue%2C%22panelSearchVisible%22%3Atrue%2C%22panelSearchBy%22%3A%22markers%22%2C%22panelSearchPlaceholder%22%3A%22%22%2C%22panelListItemElements%22%3A%5B%22title%22%2C%22category%22%2C%22image%22%2C%22address%22%2C%22phone%22%2C%22workingHours%22%5D%2C%22mainColor%22%3A%22rgb%2866%2C%20133%2C%20244%29%22%2C%22style%22%3A%22custom%22%2C%22colorGeometry%22%3A%22rgb%28235%2C%20227%2C%20205%29%22%2C%22colorLabelsTextFill%22%3A%22rgb%2882%2C%2055%2C%2053%29%22%2C%22colorLabelsTextStroke%22%3A%22rgba%28245%2C241%2C230%2C1%29%22%2C%22colorAdministrativeGeometryStroke%22%3A%22rgba%28201%2C178%2C166%2C1%29%22%2C%22colorAdministrativeLandParcel%22%3A%22rgba%28174%2C158%2C144%2C1%29%22%2C%22colorLandscapeNaturalGeometry%22%3A%22rgba%28223%2C210%2C174%2C1%29%22%2C%22colorPoiGeometry%22%3A%22rgba%28223%2C210%2C174%2C1%29%22%2C%22colorPoiLabelsTextFill%22%3A%22rgba%28147%2C129%2C124%2C1%29%22%2C%22colorPoiParkGeometryFill%22%3A%22rgba%28165%2C176%2C118%2C1%29%22%2C%22colorPoiParkLabelsTextFill%22%3A%22rgba%2868%2C117%2C48%2C1%29%22%2C%22colorRoadGeometry%22%3A%22rgba%28245%2C241%2C230%2C1%29%22%2C%22colorRoadArterial%22%3A%22rgba%28253%2C252%2C248%2C1%29%22%2C%22colorRoadHighway%22%3A%22rgba%28248%2C201%2C103%2C1%29%22%2C%22colorRoadHighwayGeometryStroke%22%3A%22rgba%28233%2C188%2C98%2C1%29%22%2C%22colorRoadHighwayControlledAccessGeometry%22%3A%22rgba%28233%2C141%2C88%2C1%29%22%2C%22colorRoadHighwayControlledAccessGeometryStroke%22%3A%22rgba%28219%2C133%2C85%2C1%29%22%2C%22colorRoadLocalLabelsTextFill%22%3A%22rgba%28128%2C107%2C99%2C1%29%22%2C%22colorTransitLineGeometry%22%3A%22rgba%28223%2C210%2C174%2C1%29%22%2C%22colorTransitLineLabelsTextFill%22%3A%22rgba%28143%2C125%2C119%2C1%29%22%2C%22colorTransitLineLabelsTextStroke%22%3A%22rgba%28235%2C227%2C205%2C1%29%22%2C%22colorTransitStationGeometry%22%3A%22rgba%28223%2C210%2C174%2C1%29%22%2C%22colorWaterGeometryFill%22%3A%22rgba%28185%2C211%2C194%2C1%29%22%2C%22colorWaterLabelTextFill%22%3A%22rgba%28146%2C153%2C141%2C1%29%22%2C%22customGoogleMapsStyles%22%3A%22%22%2C%22apiKey%22%3A%22AIzaSyDuLxATglMSkmUM8pYqCfJkrn1X-mOmHTo%22%2C%22widgetId%22%3A%2213%22%7D\" \n                data-elfsight-google-maps-version=\"2.4.2\"\n                data-elfsight-widget-id=\"elfsight-google-maps-13\">\n            <\/div>\n            \n\t\t<\/div>\n\t<\/div>\n<\/div><\/div><\/div><\/div><div class=\"vc_row wpb_row vc_row-fluid\"><div class=\"wpb_column vc_column_container vc_col-sm-12\"><div class=\"vc_column-inner\"><div class=\"wpb_wrapper\">\n\t<div class=\"wpb_raw_code wpb_content_element wpb_raw_html\" >\n\t\t<div class=\"wpb_wrapper\">\n\t\t\t<div class=\"vc_row wpb_row vc_row-fluid gino\"><div class=\"wpb_column vc_column_container vc_col-sm-3\"><div class=\"vc_column-inner\"><div class=\"wpb_wrapper\">\n\t<div  class=\"wpb_single_image wpb_content_element vc_align_left\">\n\t\t\n\t\t<figure class=\"wpb_wrapper vc_figure\">\n\t\t\t<div class=\"vc_single_image-wrapper   vc_box_border_grey\"><img loading=\"lazy\" decoding=\"async\" width=\"500\" height=\"149\" src=\"https:\/\/www.prolococastellanagrotte.it\/wp-content\/uploads\/2022\/01\/logo_regione.jpg\" class=\"vc_single_image-img attachment-full\" alt=\"\" srcset=\"https:\/\/www.prolococastellanagrotte.it\/wp-content\/uploads\/2022\/01\/logo_regione.jpg 500w, https:\/\/www.prolococastellanagrotte.it\/wp-content\/uploads\/2022\/01\/logo_regione-300x89.jpg 300w\" sizes=\"auto, (max-width: 500px) 100vw, 500px\" \/><\/div>\n\t\t<\/figure>\n\t<\/div>\n<\/div><\/div><\/div><div class=\"wpb_column vc_column_container vc_col-sm-9\"><div class=\"vc_column-inner\"><div class=\"wpb_wrapper\">\n\t<div class=\"wpb_text_column wpb_content_element\" >\n\t\t<div class=\"wpb_wrapper\">\n\t\t\t<p style=\"text-align: center;\"><span style=\"font-size: 14pt;\"><strong>Proyecto &quot;Madonas y santos de la calle&quot; Gasto financiado con la convocatoria 2021 para el desembolso de aportes a asociaciones tur\u00edsticas pro loco&quot; - CUP B39J21013290002<\/strong><\/span><\/p>\n\n\t\t<\/div>\n\t<\/div>\n<\/div><\/div><\/div><\/div>\n\t\t<\/div>\n\t<\/div>\n<\/div><\/div><\/div><\/div>","protected":false},"excerpt":{"rendered":"Vea el mapa completo de los quioscos Via de Consulibus Fresco de Madonna della Stella o del Carmine del siglo XIX. Autor Sabino Recchia pintor castellano. Probablemente el m\u00e1s antiguo de los frescos de su mano, es evidente su rasgo distintivo del dedo me\u00f1ique desprendido de la mano. Una vez limpiado el polvo, surgieron los colores.<div class=\"re-read-more\"><a class=\"read-more\" href=\"https:\/\/www.prolococastellanagrotte.it\/es\/5-edicola-madonna-del-carmine\/\">Leer m\u00e1s...<\/a><\/div>","protected":false},"author":1,"featured_media":0,"parent":0,"menu_order":0,"comment_status":"closed","ping_status":"closed","template":"full-width.php","meta":{"footnotes":""},"class_list":["post-304","page","type-page","status-publish","hentry"],"yoast_head":"<!-- This site is optimized with the Yoast SEO plugin v27.5 - https:\/\/yoast.com\/product\/yoast-seo-wordpress\/ -->\n<title>05 - EDICOLA MADONNA DEL CARMINE - Pro Loco Castellana Grotte | Don Nicola Pellegrino<\/title>\n<meta name=\"robots\" content=\"index, follow, max-snippet:-1, max-image-preview:large, max-video-preview:-1\" \/>\n<link rel=\"canonical\" href=\"https:\/\/www.prolococastellanagrotte.it\/es\/5-edicola-madonna-del-carmine\/\" \/>\n<meta property=\"og:locale\" content=\"es_ES\" \/>\n<meta property=\"og:type\" content=\"article\" \/>\n<meta property=\"og:title\" content=\"05 - EDICOLA MADONNA DEL CARMINE - Pro Loco Castellana Grotte | Don Nicola Pellegrino\" \/>\n<meta property=\"og:url\" content=\"https:\/\/www.prolococastellanagrotte.it\/es\/5-edicola-madonna-del-carmine\/\" \/>\n<meta property=\"og:site_name\" content=\"Pro Loco Castellana Grotte | Don Nicola Pellegrino\" \/>\n<meta property=\"article:modified_time\" content=\"2023-06-30T10:28:11+00:00\" \/>\n<meta property=\"og:image\" content=\"http:\/\/www.prolococastellanagrotte.it\/wp-content\/uploads\/2021\/11\/maps-icon-16-300x300.png\" \/>\n<meta name=\"twitter:card\" content=\"summary_large_image\" \/>\n<meta name=\"twitter:label1\" content=\"Tiempo de lectura\" \/>\n\t<meta name=\"twitter:data1\" content=\"2 minutos\" \/>\n<script type=\"application\/ld+json\" class=\"yoast-schema-graph\">{\"@context\":\"https:\\\/\\\/schema.org\",\"@graph\":[{\"@type\":\"WebPage\",\"@id\":\"https:\\\/\\\/www.prolococastellanagrotte.it\\\/5-edicola-madonna-del-carmine\\\/\",\"url\":\"https:\\\/\\\/www.prolococastellanagrotte.it\\\/5-edicola-madonna-del-carmine\\\/\",\"name\":\"05 - EDICOLA MADONNA DEL CARMINE - Pro Loco Castellana Grotte | Don Nicola Pellegrino\",\"isPartOf\":{\"@id\":\"https:\\\/\\\/www.prolococastellanagrotte.it\\\/#website\"},\"primaryImageOfPage\":{\"@id\":\"https:\\\/\\\/www.prolococastellanagrotte.it\\\/5-edicola-madonna-del-carmine\\\/#primaryimage\"},\"image\":{\"@id\":\"https:\\\/\\\/www.prolococastellanagrotte.it\\\/5-edicola-madonna-del-carmine\\\/#primaryimage\"},\"thumbnailUrl\":\"http:\\\/\\\/www.prolococastellanagrotte.it\\\/wp-content\\\/uploads\\\/2021\\\/11\\\/maps-icon-16-300x300.png\",\"datePublished\":\"2021-11-23T10:34:26+00:00\",\"dateModified\":\"2023-06-30T10:28:11+00:00\",\"breadcrumb\":{\"@id\":\"https:\\\/\\\/www.prolococastellanagrotte.it\\\/5-edicola-madonna-del-carmine\\\/#breadcrumb\"},\"inLanguage\":\"es\",\"potentialAction\":[{\"@type\":\"ReadAction\",\"target\":[\"https:\\\/\\\/www.prolococastellanagrotte.it\\\/5-edicola-madonna-del-carmine\\\/\"]}]},{\"@type\":\"ImageObject\",\"inLanguage\":\"es\",\"@id\":\"https:\\\/\\\/www.prolococastellanagrotte.it\\\/5-edicola-madonna-del-carmine\\\/#primaryimage\",\"url\":\"http:\\\/\\\/www.prolococastellanagrotte.it\\\/wp-content\\\/uploads\\\/2021\\\/11\\\/maps-icon-16-300x300.png\",\"contentUrl\":\"http:\\\/\\\/www.prolococastellanagrotte.it\\\/wp-content\\\/uploads\\\/2021\\\/11\\\/maps-icon-16-300x300.png\"},{\"@type\":\"BreadcrumbList\",\"@id\":\"https:\\\/\\\/www.prolococastellanagrotte.it\\\/5-edicola-madonna-del-carmine\\\/#breadcrumb\",\"itemListElement\":[{\"@type\":\"ListItem\",\"position\":1,\"name\":\"Home\",\"item\":\"https:\\\/\\\/www.prolococastellanagrotte.it\\\/\"},{\"@type\":\"ListItem\",\"position\":2,\"name\":\"05 &#8211; EDICOLA MADONNA DEL CARMINE\"}]},{\"@type\":\"WebSite\",\"@id\":\"https:\\\/\\\/www.prolococastellanagrotte.it\\\/#website\",\"url\":\"https:\\\/\\\/www.prolococastellanagrotte.it\\\/\",\"name\":\"Pro Loco Castellana Grotte | Don Nicola Pellegrino\",\"description\":\"\",\"publisher\":{\"@id\":\"https:\\\/\\\/www.prolococastellanagrotte.it\\\/#organization\"},\"potentialAction\":[{\"@type\":\"SearchAction\",\"target\":{\"@type\":\"EntryPoint\",\"urlTemplate\":\"https:\\\/\\\/www.prolococastellanagrotte.it\\\/?s={search_term_string}\"},\"query-input\":{\"@type\":\"PropertyValueSpecification\",\"valueRequired\":true,\"valueName\":\"search_term_string\"}}],\"inLanguage\":\"es\"},{\"@type\":\"Organization\",\"@id\":\"https:\\\/\\\/www.prolococastellanagrotte.it\\\/#organization\",\"name\":\"Pro Loco Castellana Grotte | Don Nicola Pellegrino\",\"url\":\"https:\\\/\\\/www.prolococastellanagrotte.it\\\/\",\"logo\":{\"@type\":\"ImageObject\",\"inLanguage\":\"es\",\"@id\":\"https:\\\/\\\/www.prolococastellanagrotte.it\\\/#\\\/schema\\\/logo\\\/image\\\/\",\"url\":\"https:\\\/\\\/www.prolococastellanagrotte.it\\\/wp-content\\\/uploads\\\/2021\\\/11\\\/cropped-logos_definitivo.png\",\"contentUrl\":\"https:\\\/\\\/www.prolococastellanagrotte.it\\\/wp-content\\\/uploads\\\/2021\\\/11\\\/cropped-logos_definitivo.png\",\"width\":300,\"height\":157,\"caption\":\"Pro Loco Castellana Grotte | Don Nicola Pellegrino\"},\"image\":{\"@id\":\"https:\\\/\\\/www.prolococastellanagrotte.it\\\/#\\\/schema\\\/logo\\\/image\\\/\"}}]}<\/script>\n<!-- \/ Yoast SEO plugin. -->","yoast_head_json":{"title":"05 - EDICOLA MADONNA DEL CARMINE - Pro Loco Castellana Grotte | Don Nicola Pellegrino","robots":{"index":"index","follow":"follow","max-snippet":"max-snippet:-1","max-image-preview":"max-image-preview:large","max-video-preview":"max-video-preview:-1"},"canonical":"https:\/\/www.prolococastellanagrotte.it\/es\/5-edicola-madonna-del-carmine\/","og_locale":"es_ES","og_type":"article","og_title":"05 - EDICOLA MADONNA DEL CARMINE - Pro Loco Castellana Grotte | Don Nicola Pellegrino","og_url":"https:\/\/www.prolococastellanagrotte.it\/es\/5-edicola-madonna-del-carmine\/","og_site_name":"Pro Loco Castellana Grotte | Don Nicola Pellegrino","article_modified_time":"2023-06-30T10:28:11+00:00","og_image":[{"url":"http:\/\/www.prolococastellanagrotte.it\/wp-content\/uploads\/2021\/11\/maps-icon-16-300x300.png","type":"","width":"","height":""}],"twitter_card":"summary_large_image","twitter_misc":{"Tiempo de lectura":"2 minutos"},"schema":{"@context":"https:\/\/schema.org","@graph":[{"@type":"WebPage","@id":"https:\/\/www.prolococastellanagrotte.it\/5-edicola-madonna-del-carmine\/","url":"https:\/\/www.prolococastellanagrotte.it\/5-edicola-madonna-del-carmine\/","name":"05 - EDICOLA MADONNA DEL CARMINE - Pro Loco Castellana Grotte | Don Nicola Pellegrino","isPartOf":{"@id":"https:\/\/www.prolococastellanagrotte.it\/#website"},"primaryImageOfPage":{"@id":"https:\/\/www.prolococastellanagrotte.it\/5-edicola-madonna-del-carmine\/#primaryimage"},"image":{"@id":"https:\/\/www.prolococastellanagrotte.it\/5-edicola-madonna-del-carmine\/#primaryimage"},"thumbnailUrl":"http:\/\/www.prolococastellanagrotte.it\/wp-content\/uploads\/2021\/11\/maps-icon-16-300x300.png","datePublished":"2021-11-23T10:34:26+00:00","dateModified":"2023-06-30T10:28:11+00:00","breadcrumb":{"@id":"https:\/\/www.prolococastellanagrotte.it\/5-edicola-madonna-del-carmine\/#breadcrumb"},"inLanguage":"es","potentialAction":[{"@type":"ReadAction","target":["https:\/\/www.prolococastellanagrotte.it\/5-edicola-madonna-del-carmine\/"]}]},{"@type":"ImageObject","inLanguage":"es","@id":"https:\/\/www.prolococastellanagrotte.it\/5-edicola-madonna-del-carmine\/#primaryimage","url":"http:\/\/www.prolococastellanagrotte.it\/wp-content\/uploads\/2021\/11\/maps-icon-16-300x300.png","contentUrl":"http:\/\/www.prolococastellanagrotte.it\/wp-content\/uploads\/2021\/11\/maps-icon-16-300x300.png"},{"@type":"BreadcrumbList","@id":"https:\/\/www.prolococastellanagrotte.it\/5-edicola-madonna-del-carmine\/#breadcrumb","itemListElement":[{"@type":"ListItem","position":1,"name":"Home","item":"https:\/\/www.prolococastellanagrotte.it\/"},{"@type":"ListItem","position":2,"name":"05 &#8211; EDICOLA MADONNA DEL CARMINE"}]},{"@type":"WebSite","@id":"https:\/\/www.prolococastellanagrotte.it\/#website","url":"https:\/\/www.prolococastellanagrotte.it\/","name":"Pro Loco Castellana Grotte | Don Nicola Pellegrino","description":"","publisher":{"@id":"https:\/\/www.prolococastellanagrotte.it\/#organization"},"potentialAction":[{"@type":"SearchAction","target":{"@type":"EntryPoint","urlTemplate":"https:\/\/www.prolococastellanagrotte.it\/?s={search_term_string}"},"query-input":{"@type":"PropertyValueSpecification","valueRequired":true,"valueName":"search_term_string"}}],"inLanguage":"es"},{"@type":"Organization","@id":"https:\/\/www.prolococastellanagrotte.it\/#organization","name":"Pro Loco Castellana Grotte | Don Nicola Pellegrino","url":"https:\/\/www.prolococastellanagrotte.it\/","logo":{"@type":"ImageObject","inLanguage":"es","@id":"https:\/\/www.prolococastellanagrotte.it\/#\/schema\/logo\/image\/","url":"https:\/\/www.prolococastellanagrotte.it\/wp-content\/uploads\/2021\/11\/cropped-logos_definitivo.png","contentUrl":"https:\/\/www.prolococastellanagrotte.it\/wp-content\/uploads\/2021\/11\/cropped-logos_definitivo.png","width":300,"height":157,"caption":"Pro Loco Castellana Grotte | Don Nicola Pellegrino"},"image":{"@id":"https:\/\/www.prolococastellanagrotte.it\/#\/schema\/logo\/image\/"}}]}},"_links":{"self":[{"href":"https:\/\/www.prolococastellanagrotte.it\/es\/wp-json\/wp\/v2\/pages\/304","targetHints":{"allow":["GET"]}}],"collection":[{"href":"https:\/\/www.prolococastellanagrotte.it\/es\/wp-json\/wp\/v2\/pages"}],"about":[{"href":"https:\/\/www.prolococastellanagrotte.it\/es\/wp-json\/wp\/v2\/types\/page"}],"author":[{"embeddable":true,"href":"https:\/\/www.prolococastellanagrotte.it\/es\/wp-json\/wp\/v2\/users\/1"}],"replies":[{"embeddable":true,"href":"https:\/\/www.prolococastellanagrotte.it\/es\/wp-json\/wp\/v2\/comments?post=304"}],"version-history":[{"count":6,"href":"https:\/\/www.prolococastellanagrotte.it\/es\/wp-json\/wp\/v2\/pages\/304\/revisions"}],"predecessor-version":[{"id":1344,"href":"https:\/\/www.prolococastellanagrotte.it\/es\/wp-json\/wp\/v2\/pages\/304\/revisions\/1344"}],"wp:attachment":[{"href":"https:\/\/www.prolococastellanagrotte.it\/es\/wp-json\/wp\/v2\/media?parent=304"}],"curies":[{"name":"wp","href":"https:\/\/api.w.org\/{rel}","templated":true}]}}